{"id":143,"date":"2016-06-20T07:48:11","date_gmt":"2016-06-20T07:48:11","guid":{"rendered":"http:\/\/sw-themes.com\/porto_dummy\/?page_id=143"},"modified":"2024-03-24T21:32:40","modified_gmt":"2024-03-25T00:32:40","slug":"home","status":"publish","type":"page","link":"https:\/\/festival-afrocarioca2024.com.br\/","title":{"rendered":"Home"},"content":{"rendered":"<div class=\"wpb-content-wrapper\"><p>[vc_row css=&#8221;.vc_custom_1708303487737{margin-right: 20px !important;margin-left: 20px !important;border-top-width: 50px !important;border-right-width: 50px !important;border-left-width: 50px !important;padding-top: 50px !important;padding-right: 50px !important;padding-left: 50px !important;}&#8221; conditional_render=&#8221;%5B%7B%22value_role%22%3A%22administrator%22%7D%5D&#8221; el_id=&#8221;sobrenos&#8221;][vc_column][vc_custom_heading text=&#8221;Sobre <b>N\u00f3s<\/b>&#8221; font_container=&#8221;tag:h2|font_size:25|text_align:left|color:%23632c05|line_height:1&#8243; use_theme_fonts=&#8221;yes&#8221; el_class=&#8221;mb-4&#8243;][vc_single_image image=&#8221;3780&#8243; img_size=&#8221;full&#8221;][vc_column_text]<\/p>\n<p class=\"lead\"><span style=\"font-size: 18px;\"><strong><span style=\"color: #632c05;\">Instituto Dom Pixote Tamb\u00e9m \u00e9 Cultural . . .<\/span><\/strong><\/span><\/p>\n<p class=\"lead\">O Instituto \u00e9 uma organiza\u00e7\u00e3o social que h\u00e1 37 anos, vem contribuindo com a redu\u00e7\u00e3o das quest\u00f5es sociais que s\u00e3o impostas pela sociedade brasileira. Em especial, todas as formas de discrimina\u00e7\u00e3o social principalmente no que se refere a racial que corresponde a toda distin\u00e7\u00e3o, exclus\u00e3o, restri\u00e7\u00e3o ou prefer\u00eancia baseada em ra\u00e7a, cor, descend\u00eancia ou origem nacional ou \u00e9tnica.<\/p>\n<p class=\"lead\">A arte e a cultura podem ser vistas como ferramentas de inclus\u00e3o social, promovendo maior acessibilidade e conhecimento para as diversas esferas da sociedade, seja atrav\u00e9s da m\u00fasica, pintura, teatro ou de qualquer outra express\u00e3o art\u00edstica.<\/p>\n<p class=\"lead\"><span style=\"color: #58916f;\">Surge Assim, o FESTIVAL AFROCARIOCA<\/span>, devido a car\u00eancia de eventos culturais na regi\u00e3o da Zona Oeste da cidade do Rio, bem como a dificuldade de acesso \u00e0 cultura negra, na oferta de entretenimento cultural \u00e9 que o INSTITUTO, atrav\u00e9s do Minist\u00e9rio da Cultura do Governo Federal, prop\u00f5e a realiza\u00e7\u00e3o de eventos culturais de inclus\u00e3o racial, onde a popula\u00e7\u00e3o ter\u00e1 acesso a shows, amostras, de forma gratuita.<\/p>\n<p>[\/vc_column_text][\/vc_column][\/vc_row][vc_row css=&#8221;.vc_custom_1708303550170{margin-right: 20px !important;margin-left: 20px !important;border-right-width: 50px !important;border-left-width: 50px !important;padding-top: 30px !important;padding-right: 50px !important;padding-bottom: 0px !important;padding-left: 50px !important;}&#8221; conditional_render=&#8221;%5B%7B%22value_role%22%3A%22administrator%22%7D%5D&#8221; el_id=&#8221;festivalafrocarioca&#8221;][vc_column][vc_custom_heading text=&#8221;Festival <b>Afrocarioca<\/b>&#8221; font_container=&#8221;tag:h2|font_size:25|text_align:left|color:%23632c05|line_height:1&#8243; use_theme_fonts=&#8221;yes&#8221; el_class=&#8221;mb-4&#8243;][vc_single_image image=&#8221;3780&#8243; img_size=&#8221;full&#8221;][vc_column_text]<\/p>\n<p class=\"lead\">O PROJETO tem como principal objetivo a realiza\u00e7\u00e3o de duas edi\u00e7\u00f5es de festival de M\u00fasica Afro-brasileira, onde a popula\u00e7\u00e3o carioca ter\u00e1 acesso \u00e0 shows gratuitos, mostras variadas de atividades culturais, visando valorizar e disseminar as ra\u00edzes cultura AfroCarioca.<\/p>\n<p>[\/vc_column_text][\/vc_column][\/vc_row][vc_row css=&#8221;.vc_custom_1708303631441{margin-right: 20px !important;margin-left: 20px !important;border-right-width: 50px !important;border-left-width: 50px !important;padding-top: 30px !important;padding-right: 50px !important;padding-bottom: 0px !important;padding-left: 50px !important;}&#8221; conditional_render=&#8221;%5B%7B%22value_role%22%3A%22administrator%22%7D%5D&#8221; el_id=&#8221;gruposartisticos&#8221;][vc_column][vc_custom_heading text=&#8221;Grupos <b>Art\u00edsticos<\/b>&#8221; font_container=&#8221;tag:h2|font_size:25|text_align:left|color:%23632c05|line_height:1&#8243; use_theme_fonts=&#8221;yes&#8221; el_class=&#8221;mb-4&#8243;][vc_single_image image=&#8221;3780&#8243; img_size=&#8221;full&#8221; css=&#8221;.vc_custom_1708302640431{margin-bottom: 0px !important;}&#8221;][vc_column_text css=&#8221;.vc_custom_1708304555165{padding-top: 30px !important;}&#8221;]<\/p>\n<p class=\"lead\">O festival AfroCarioca, conta com um grupo expressivos de artistas.<\/p>\n<p>[\/vc_column_text][\/vc_column][\/vc_row][vc_row css=&#8221;.vc_custom_1708302728057{margin-right: 20px !important;margin-left: 20px !important;border-right-width: 50px !important;border-left-width: 50px !important;padding-top: 30px !important;padding-right: 50px !important;padding-bottom: 0px !important;padding-left: 50px !important;}&#8221; conditional_render=&#8221;%5B%7B%22value_role%22%3A%22administrator%22%7D%5D&#8221;][vc_column width=&#8221;1\/6&#8243;][vc_single_image image=&#8221;3797&#8243; img_size=&#8221;&#8221; onclick=&#8221;custom_link&#8221; img_link_target=&#8221;_blank&#8221; css=&#8221;.vc_custom_1708303974623{padding-bottom: 0px !important;}&#8221; link=&#8221;https:\/\/www.instagram.com\/cantacantaminhagente\/&#8221;][vc_separator color=&#8221;juicy_pink&#8221;][vc_column_text]<\/p>\n<p style=\"text-align: center;\"><strong>Grupo Musical<br \/>\nCanta Canta Minha Gente<\/strong>[\/vc_column_text][\/vc_column][vc_column width=&#8221;1\/6&#8243;][vc_single_image image=&#8221;3838&#8243; img_size=&#8221;&#8221; onclick=&#8221;custom_link&#8221; img_link_target=&#8221;_blank&#8221; css=&#8221;.vc_custom_1711320753743{padding-bottom: 0px !important;}&#8221; link=&#8221;https:\/\/www.instagram.com\/p\/Cq-LsQ_uuDo\/&#8221;][vc_separator color=&#8221;juicy_pink&#8221;][vc_column_text]<\/p>\n<p style=\"text-align: center;\"><strong>Grupo Musical<br \/>\nRoda de Samba Preto Velho<\/strong><\/p>\n<p>[\/vc_column_text][\/vc_column][vc_column width=&#8221;1\/6&#8243;][vc_single_image image=&#8221;3841&#8243; img_size=&#8221;&#8221; onclick=&#8221;custom_link&#8221; img_link_target=&#8221;_blank&#8221; css=&#8221;.vc_custom_1711320796304{padding-bottom: 0px !important;}&#8221; link=&#8221;https:\/\/www.instagram.com\/bateriashowderitmo\/&#8221;][vc_separator color=&#8221;juicy_pink&#8221;][vc_column_text]<\/p>\n<p style=\"text-align: center;\"><strong>Grupo Musical<br \/>\nGrupo Bateria<br \/>\nShow<\/strong><\/p>\n<p>[\/vc_column_text][\/vc_column][vc_column width=&#8221;1\/6&#8243;][vc_single_image image=&#8221;3843&#8243; img_size=&#8221;&#8221; onclick=&#8221;custom_link&#8221; img_link_target=&#8221;_blank&#8221; css=&#8221;.vc_custom_1711325139080{padding-bottom: 0px !important;}&#8221; link=&#8221;https:\/\/www.instagram.com\/vozesdosamba\/&#8221; label=&#8221;&#8221;][vc_separator color=&#8221;juicy_pink&#8221;][vc_column_text]<\/p>\n<p style=\"text-align: center;\"><strong>Grupo Musical<br \/>\nGrupo Vozes do Samba<\/strong><\/p>\n<p>[\/vc_column_text][\/vc_column][vc_column width=&#8221;1\/6&#8243;][vc_single_image image=&#8221;3845&#8243; img_size=&#8221;&#8221; onclick=&#8221;custom_link&#8221; img_link_target=&#8221;_blank&#8221; css=&#8221;.vc_custom_1711326741323{padding-bottom: 0px !important;}&#8221; link=&#8221;#&#8221; label=&#8221;&#8221;][vc_separator color=&#8221;juicy_pink&#8221;][vc_column_text]<\/p>\n<p style=\"text-align: center;\"><strong>Grupo Musical<br \/>\nDJ Paulinho<\/strong><\/p>\n<p>[\/vc_column_text][\/vc_column][vc_column width=&#8221;1\/6&#8243;][vc_single_image image=&#8221;3846&#8243; img_size=&#8221;&#8221; onclick=&#8221;custom_link&#8221; img_link_target=&#8221;_blank&#8221; css=&#8221;.vc_custom_1711326750179{padding-bottom: 0px !important;}&#8221; link=&#8221;#&#8221; label=&#8221;&#8221;][vc_separator color=&#8221;juicy_pink&#8221;][vc_column_text]<\/p>\n<p style=\"text-align: center;\"><strong>Grupo Musical<br \/>\nArtista Analimar, no Canta,\u00a0Canta<br \/>\n<\/strong><\/p>\n<p>[\/vc_column_text][\/vc_column][\/vc_row][vc_row css=&#8221;.vc_custom_1708303663113{margin-right: 20px !important;margin-left: 20px !important;border-right-width: 50px !important;border-left-width: 50px !important;padding-top: 30px !important;padding-right: 50px !important;padding-bottom: 0px !important;padding-left: 50px !important;}&#8221; conditional_render=&#8221;%5B%7B%22value_role%22%3A%22administrator%22%7D%5D&#8221; el_id=&#8221;agendaeventos&#8221;][vc_column][vc_custom_heading text=&#8221;Agenda <b>Eventos<\/b>&#8221; font_container=&#8221;tag:h2|font_size:25|text_align:left|color:%23632c05|line_height:1&#8243; use_theme_fonts=&#8221;yes&#8221; el_class=&#8221;mb-4&#8243;][vc_single_image image=&#8221;3780&#8243; img_size=&#8221;full&#8221;][\/vc_column][\/vc_row][vc_row css=&#8221;.vc_custom_1711318568638{margin-right: 20px !important;margin-left: 20px !important;border-right-width: 50px !important;border-left-width: 50px !important;padding-top: 0px !important;padding-right: 50px !important;padding-bottom: 0px !important;padding-left: 50px !important;}&#8221; conditional_render=&#8221;%5B%7B%22value_role%22%3A%22administrator%22%7D%5D&#8221;][vc_column width=&#8221;2\/3&#8243;][vc_column_text]<\/p>\n<p class=\"lead\">O Primeiro Evento do FESTIVAL AFROCARIOCA, aconteceu no dia 10 de mar\u00e7o no Espa\u00e7o Cultural Marcio Conde, no bairro de Bangu \u2013 zona oeste na cidade do Rio.<\/p>\n<p class=\"lead\">Intitulado <strong>BAF\u00c1F\u00c1 DO SAMBA<\/strong>, foi um evento que tradicionalmente h\u00e1 5 anos, a Zona Oeste do Rio, vem realizando. O festival tem por finalidade enaltecer os melhores do Samba da Zona Oeste. Foi um evento bastante empolgante que contou com presen\u00e7as ilustres do Samba Carioca, reunindo cerca de 1000 pessoas. O ponto auge ocorreu com a premia\u00e7\u00e3o das categorias, (a) Melhor Samba Enredo, (b) Melhor Bateria, (c) Melhor Mestre Salas e Porta Bandeira, entre outras categorias.<\/p>\n<p>[\/vc_column_text][\/vc_column][vc_column width=&#8221;1\/3&#8243;][vc_single_image image=&#8221;3866&#8243; img_size=&#8221;medium&#8221; alignment=&#8221;center&#8221; onclick=&#8221;custom_link&#8221; img_link_target=&#8221;_blank&#8221; link=&#8221;http:\/\/festival-afrocarioca2024.com.br\/wp-content\/uploads\/2024\/03\/afro.jpg&#8221;][\/vc_column][\/vc_row][vc_row css=&#8221;.vc_custom_1708303761568{margin-right: 20px !important;margin-left: 20px !important;border-right-width: 50px !important;border-left-width: 50px !important;padding-top: 30px !important;padding-right: 50px !important;padding-bottom: 0px !important;padding-left: 50px !important;}&#8221; conditional_render=&#8221;%5B%7B%22value_role%22%3A%22administrator%22%7D%5D&#8221; el_id=&#8221;acervocultural&#8221;][vc_column][vc_custom_heading text=&#8221;Acervo <b>Cultural<\/b>&#8221; font_container=&#8221;tag:h2|font_size:25|text_align:left|color:%23632c05|line_height:1&#8243; use_theme_fonts=&#8221;yes&#8221; el_class=&#8221;mb-4&#8243;][vc_single_image image=&#8221;3780&#8243; img_size=&#8221;full&#8221;][\/vc_column][\/vc_row][vc_row css=&#8221;.vc_custom_1711322907201{margin-right: 20px !important;margin-left: 20px !important;border-right-width: 50px !important;border-left-width: 50px !important;padding-top: 0px !important;padding-right: 50px !important;padding-bottom: 0px !important;padding-left: 50px !important;}&#8221; conditional_render=&#8221;%5B%7B%22value_role%22%3A%22administrator%22%7D%5D&#8221;][vc_column width=&#8221;1\/4&#8243;][vc_single_image image=&#8221;3927&#8243; img_size=&#8221;&#8221; alignment=&#8221;center&#8221; onclick=&#8221;custom_link&#8221; css=&#8221;.vc_custom_1711325472589{padding-bottom: 0px !important;}&#8221; link=&#8221;https:\/\/festival-afrocarioca2024.com.br\/?page_id=3881&#8243; label=&#8221;&#8221;][vc_column_text css=&#8221;.vc_custom_1711325564511{padding-top: 0px !important;}&#8221;]<\/p>\n<p class=\"lead\" style=\"text-align: center;\">Clique e acesse a nossa fototeca!<\/p>\n<p>[\/vc_column_text][\/vc_column][vc_column width=&#8221;1\/4&#8243;][\/vc_column][vc_column width=&#8221;1\/4&#8243;][\/vc_column][vc_column width=&#8221;1\/4&#8243;][\/vc_column][\/vc_row][vc_row css=&#8221;.vc_custom_1708303742209{margin-right: 20px !important;margin-left: 20px !important;border-right-width: 50px !important;border-left-width: 50px !important;padding-top: 30px !important;padding-right: 50px !important;padding-bottom: 0px !important;padding-left: 50px !important;}&#8221; conditional_render=&#8221;%5B%7B%22value_role%22%3A%22administrator%22%7D%5D&#8221; el_id=&#8221;audiovisual&#8221;][vc_column][vc_custom_heading text=&#8221;Audio<b>visual<\/b>&#8221; font_container=&#8221;tag:h2|font_size:25|text_align:left|color:%23632c05|line_height:1&#8243; use_theme_fonts=&#8221;yes&#8221; el_class=&#8221;mb-4&#8243;][vc_single_image image=&#8221;3780&#8243; img_size=&#8221;full&#8221;][\/vc_column][\/vc_row][vc_row css=&#8221;.vc_custom_1711322907201{margin-right: 20px !important;margin-left: 20px !important;border-right-width: 50px !important;border-left-width: 50px !important;padding-top: 0px !important;padding-right: 50px !important;padding-bottom: 0px !important;padding-left: 50px !important;}&#8221; conditional_render=&#8221;%5B%7B%22value_role%22%3A%22administrator%22%7D%5D&#8221;][vc_column width=&#8221;1\/4&#8243;][vc_single_image image=&#8221;3932&#8243; img_size=&#8221;&#8221; alignment=&#8221;center&#8221; onclick=&#8221;custom_link&#8221; css=&#8221;.vc_custom_1711326418051{padding-bottom: 0px !important;}&#8221; link=&#8221;https:\/\/festival-afrocarioca2024.com.br\/?page_id=3933&#8243; label=&#8221;&#8221;][vc_column_text css=&#8221;.vc_custom_1711326436160{padding-top: 0px !important;}&#8221;]<\/p>\n<p class=\"lead\" style=\"text-align: center;\">Clique e acesse a divulga\u00e7\u00e3o do evento!<\/p>\n<p>[\/vc_column_text][\/vc_column][vc_column width=&#8221;1\/4&#8243;][\/vc_column][vc_column width=&#8221;1\/4&#8243;][\/vc_column][vc_column width=&#8221;1\/4&#8243;][\/vc_column][\/vc_row][vc_row full_width=&#8221;stretch_row_content_no_spaces&#8221; css=&#8221;.vc_custom_1708298852936{margin-right: 0px !important;margin-bottom: 0px !important;margin-left: 0px !important;border-right-width: 0px !important;border-bottom-width: 0px !important;border-left-width: 0px !important;padding-right: 0px !important;padding-bottom: 0px !important;padding-left: 0px !important;}&#8221; conditional_render=&#8221;%5B%7B%22value_role%22%3A%22administrator%22%7D%5D&#8221;][vc_column][vc_single_image image=&#8221;3759&#8243; img_size=&#8221;full&#8221; css=&#8221;.vc_custom_1708299459142{margin-right: 0px !important;margin-bottom: 0px !important;margin-left: 0px !important;border-right-width: 0px !important;border-bottom-width: 0px !important;border-left-width: 0px !important;padding-right: 0px !important;padding-bottom: 0px !important;padding-left: 0px !important;}&#8221;][\/vc_column][\/vc_row]<\/p>\n<\/div>","protected":false},"excerpt":{"rendered":"<p>[vc_row css=&#8221;.vc_custom_1708303487737{margin-right: 20px !important;margin-left: 20px !important;border-top-width: 50px !important;border-right-width: 50px !important;border-left-width: 50px !important;padding-top: 50px !important;padding-right: 50px !important;padding-left: 50px !important;}&#8221; conditional_render=&#8221;%5B%7B%22value_role%22%3A%22administrator%22%7D%5D&#8221; el_id=&#8221;sobrenos&#8221;][vc_column][vc_custom_heading text=&#8221;Sobre N\u00f3s&#8221; font_container=&#8221;tag:h2|font_size:25|text_align:left|color:%23632c05|line_height:1&#8243; use_theme_fonts=&#8221;yes&#8221; el_class=&#8221;mb-4&#8243;][vc_single_image image=&#8221;3780&#8243; img_size=&#8221;full&#8221;][vc_column_text] Instituto Dom Pixote Tamb\u00e9m \u00e9 Cultural . . . O Instituto \u00e9 uma organiza\u00e7\u00e3o social que h\u00e1 37 anos, vem contribuindo com a redu\u00e7\u00e3o das quest\u00f5es sociais que [&hellip;]<\/p>\n","protected":false},"author":1,"featured_media":0,"parent":0,"menu_order":0,"comment_status":"closed","ping_status":"closed","template":"","meta":{"om_disable_all_campaigns":false,"footnotes":""},"aioseo_notices":[],"_links":{"self":[{"href":"https:\/\/festival-afrocarioca2024.com.br\/index.php?rest_route=\/wp\/v2\/pages\/143"}],"collection":[{"href":"https:\/\/festival-afrocarioca2024.com.br\/index.php?rest_route=\/wp\/v2\/pages"}],"about":[{"href":"https:\/\/festival-afrocarioca2024.com.br\/index.php?rest_route=\/wp\/v2\/types\/page"}],"author":[{"embeddable":true,"href":"https:\/\/festival-afrocarioca2024.com.br\/index.php?rest_route=\/wp\/v2\/users\/1"}],"replies":[{"embeddable":true,"href":"https:\/\/festival-afrocarioca2024.com.br\/index.php?rest_route=%2Fwp%2Fv2%2Fcomments&post=143"}],"version-history":[{"count":125,"href":"https:\/\/festival-afrocarioca2024.com.br\/index.php?rest_route=\/wp\/v2\/pages\/143\/revisions"}],"predecessor-version":[{"id":3940,"href":"https:\/\/festival-afrocarioca2024.com.br\/index.php?rest_route=\/wp\/v2\/pages\/143\/revisions\/3940"}],"wp:attachment":[{"href":"https:\/\/festival-afrocarioca2024.com.br\/index.php?rest_route=%2Fwp%2Fv2%2Fmedia&parent=143"}],"curies":[{"name":"wp","href":"https:\/\/api.w.org\/{rel}","templated":true}]}}